{"id":266,"date":"2024-09-09T12:39:07","date_gmt":"2024-09-09T12:39:07","guid":{"rendered":"https:\/\/praxisgemeinschaft-aspang.at\/?page_id=266"},"modified":"2024-10-14T10:20:40","modified_gmt":"2024-10-14T10:20:40","slug":"community-nurse","status":"publish","type":"page","link":"https:\/\/praxisgemeinschaft-aspang.at\/index.php\/community-nurse\/","title":{"rendered":"Community Nurse"},"content":{"rendered":"<p>[vc_row][vc_column][\/vc_column][\/vc_row][vc_row][vc_column][vc_custom_heading text=&#8221;Community Nurse&#8221; font_container=&#8221;tag:h3|font_size:30px|text_align:center|color:%23d1bc8a|line_height:35px&#8221;][vc_separator color=&#8221;custom&#8221; border_width=&#8221;2&#8243; el_width=&#8221;40&#8243; accent_color=&#8221;#d1bc8a&#8221;][vc_column_text custom_text_color=&#8221;#3f3f3f&#8221; css=&#8221;.vc_custom_1725902691135{margin-bottom: 0px !important;border-bottom-width: 0px !important;padding-bottom: 5px !important;}&#8221;]<\/p>\n<p style=\"text-align: center; font-size: 20px;\">Community Nurse \u2013 ist ein Angebot, das sich an zu Hause lebende Menschen<br \/>\nmit Beratungs-, Pflege-, Betreuungs- und\/oder Unterst\u00fctzungsbedarf<br \/>\nsowie an deren pflegende und betreuende Angeh\u00f6rige und Familien richtet.[\/vc_column_text][\/vc_column][\/vc_row][vc_row css_animation=&#8221;fadeInUp&#8221;][vc_column][vc_row_inner content_placement=&#8221;middle&#8221; gap=&#8221;15&#8243;][vc_column_inner width=&#8221;1\/2&#8243;][vc_custom_heading text=&#8221;Mein Angebot&#8221; font_container=&#8221;tag:h2|font_size:34px|text_align:left|color:%23d1bc8a|line_height:48px&#8221;][separator width=&#8221;60px&#8221; height=&#8221;2px&#8221; color=&#8221;#d1bc8a&#8221; margin_top=&#8221;-7px&#8221; margin_bottom=&#8221;30px&#8221;][list icon=&#8221;moon-star-4&#8243;][list_item title=&#8221;Anlaufstelle f\u00fcr Fragen zu Gesundheit und Pflege&#8221; icon=&#8221;moon-star-4&#8243; icon_color=&#8221;#d1bc8a&#8221;][list_item title=&#8221;F\u00f6rderung der Gesundheitskompetenz&#8221; icon=&#8221;moon-star-4&#8243; icon_color=&#8221;#d1bc8a&#8221;][list_item title=&#8221;Information zum Pflegegeld&#8221; icon=&#8221;moon-star-4&#8243; icon_color=&#8221;#d1bc8a&#8221;][list_item title=&#8221;Unterst\u00fctzung bei der Pflegegeldantragstellung&#8221; icon=&#8221;moon-star-4&#8243; icon_color=&#8221;#d1bc8a&#8221;][list_item title=&#8221;Erhebung des Betreuungs- bzw. Pflegebedarfs&#8221; icon=&#8221;moon-star-4&#8243; icon_color=&#8221;#d1bc8a&#8221;][list_item title=&#8221;Beratung und Unterst\u00fctzung f\u00fcr pflegende Angeh\u00f6rige&#8221; icon=&#8221;moon-star-4&#8243; icon_color=&#8221;#d1bc8a&#8221;][list_item title=&#8221;Information und Unterst\u00fctzung bei der Antragstellung div. F\u00f6rderungen im Zusammenhang mit Pflege- und Betreuung&#8221; icon=&#8221;moon-star-4&#8243; icon_color=&#8221;#d1bc8a&#8221;][list_item title=&#8221;Koordination und Vermittlung aller wohnortnahen Angebote&#8221; icon=&#8221;moon-star-4&#8243; icon_color=&#8221;#d1bc8a&#8221;][list_item title=&#8221;Beratung bzgl. Hilfsmittel&#8221; icon=&#8221;moon-star-4&#8243; icon_color=&#8221;#d1bc8a&#8221;][list_item title=&#8221;Information \u00fcber Patientenverf\u00fcgung und Erwachsenenvertretung&#8221; icon=&#8221;moon-star-4&#8243; icon_color=&#8221;#d1bc8a&#8221;][list_item title=&#8221;Information \u00fcber Selbsthilfegruppen&#8221; icon=&#8221;moon-star-4&#8243; icon_color=&#8221;#d1bc8a&#8221;][\/list][\/vc_column_inner][vc_column_inner width=&#8221;1\/2&#8243;][media animation=&#8221;none&#8221; image=&#8221;288&#8243;][\/vc_column_inner][\/vc_row_inner][\/vc_column][\/vc_row][vc_row top_padding=&#8221;50&#8243; bottom_padding=&#8221;50&#8243; css_animation=&#8221;fadeInUp&#8221;][vc_column css=&#8221;.vc_custom_1725901791526{padding-right: 10px !important;}&#8221;][vc_row_inner content_placement=&#8221;middle&#8221;][vc_column_inner width=&#8221;1\/2&#8243;][media animation=&#8221;none&#8221; image=&#8221;287&#8243;][\/vc_column_inner][vc_column_inner width=&#8221;1\/2&#8243;][vc_custom_heading text=&#8221;Mein Ziel als Community Nurse&#8221; font_container=&#8221;tag:h2|font_size:34px|text_align:left|color:%23d1bc8a|line_height:48px&#8221;][separator width=&#8221;60px&#8221; height=&#8221;2px&#8221; color=&#8221;#d1bc8a&#8221; margin_top=&#8221;-7px&#8221; margin_bottom=&#8221;30px&#8221;][list icon=&#8221;moon-star-4&#8243;][list_item title=&#8221;L\u00e4ngerer Verbleib in den eigenen vier W\u00e4nden&#8221; icon=&#8221;moon-star-4&#8243; icon_color=&#8221;#d1bc8a&#8221;][list_item title=&#8221;F\u00f6rderung der Gesundheitskompetenz&#8221; icon=&#8221;moon-star-4&#8243; icon_color=&#8221;#d1bc8a&#8221;][list_item title=&#8221;Vernetzung regionaler Angebote zu Pflege und Gesundheit&#8221; icon=&#8221;moon-star-4&#8243; icon_color=&#8221;#d1bc8a&#8221;][list_item title=&#8221;F\u00f6rderung von Lebensqualit\u00e4t, Gesundheit und Selbsthilfef\u00e4higkeit&#8221; icon=&#8221;moon-star-4&#8243; icon_color=&#8221;#d1bc8a&#8221;][\/list][\/vc_column_inner][\/vc_row_inner][\/vc_column][\/vc_row][vc_row top_padding=&#8221;50&#8243; bottom_padding=&#8221;50&#8243; css_animation=&#8221;fadeInUp&#8221;][vc_column][vc_row_inner content_placement=&#8221;middle&#8221; gap=&#8221;15&#8243;][vc_column_inner width=&#8221;1\/2&#8243;][vc_custom_heading text=&#8221;Zielgruppe&#8221; font_container=&#8221;tag:h2|font_size:34px|text_align:left|color:%23d1bc8a|line_height:48px&#8221;][separator width=&#8221;60px&#8221; height=&#8221;2px&#8221; color=&#8221;#d1bc8a&#8221; margin_top=&#8221;-7px&#8221; margin_bottom=&#8221;30px&#8221;][list icon=&#8221;moon-star-4&#8243;][list_item title=&#8221;Menschen mit Pflege- und Betreuungsbedarf&#8221; icon=&#8221;moon-star-4&#8243; icon_color=&#8221;#d1bc8a&#8221;][list_item title=&#8221;Angeh\u00f6rige von Menschen mit Pflege- und Betreuungsbedarf&#8221; icon=&#8221;moon-star-4&#8243; icon_color=&#8221;#d1bc8a&#8221;][list_item title=&#8221;\u00c4ltere zu Hause lebende Menschen&#8221; icon=&#8221;moon-star-4&#8243; icon_color=&#8221;#d1bc8a&#8221;][\/list][\/vc_column_inner][vc_column_inner width=&#8221;1\/2&#8243;][media animation=&#8221;none&#8221; image=&#8221;286&#8243;][\/vc_column_inner][\/vc_row_inner][\/vc_column][\/vc_row][vc_row top_padding=&#8221;50&#8243; bottom_padding=&#8221;50&#8243; css_animation=&#8221;fadeInUp&#8221;][vc_column css=&#8221;.vc_custom_1725901791526{padding-right: 10px !important;}&#8221;][vc_row_inner content_placement=&#8221;middle&#8221;][vc_column_inner width=&#8221;1\/2&#8243;][media animation=&#8221;none&#8221; image=&#8221;285&#8243;][\/vc_column_inner][vc_column_inner width=&#8221;1\/2&#8243;][vc_custom_heading text=&#8221;Wie werde ich als Community Nurse aktiv?&#8221; font_container=&#8221;tag:h2|font_size:34px|text_align:left|color:%23d1bc8a|line_height:48px&#8221;][separator width=&#8221;60px&#8221; height=&#8221;2px&#8221; color=&#8221;#d1bc8a&#8221; margin_top=&#8221;-7px&#8221; margin_bottom=&#8221;30px&#8221;][list icon=&#8221;moon-star-4&#8243;][list_item title=&#8221;Telefonische Erreichbarkeit&#8221; icon=&#8221;moon-star-4&#8243; icon_color=&#8221;#d1bc8a&#8221;][list_item title=&#8221;Sprechstunde in der Praxisgemeinschaft Aspang&#8221; icon=&#8221;moon-star-4&#8243; icon_color=&#8221;#d1bc8a&#8221;][list_item title=&#8221;Beratungshausbesuch&#8221; icon=&#8221;moon-star-4&#8243; icon_color=&#8221;#d1bc8a&#8221;][\/list][\/vc_column_inner][\/vc_row_inner][\/vc_column][\/vc_row][vc_row type=&#8221;full_width_background&#8221; top_padding=&#8221;50&#8243; css_animation=&#8221;fadeInUp&#8221;][vc_column][vc_custom_heading text=&#8221;Kontaktdaten&#8221; font_container=&#8221;tag:h2|font_size:34px|text_align:center|color:%23d1bc8a|line_height:48px&#8221;][separator width=&#8221;80px&#8221; height=&#8221;2px&#8221; position=&#8221;center&#8221; color=&#8221;#d1bc8a&#8221; margin_top=&#8221;-7px&#8221; margin_bottom=&#8221;30px&#8221;][vc_row_inner equal_height=&#8221;yes&#8221; content_placement=&#8221;middle&#8221; gap=&#8221;30&#8243;][vc_column_inner width=&#8221;1\/3&#8243;][separator color=&#8221;&#8221;][\/vc_column_inner][vc_column_inner width=&#8221;1\/3&#8243; column_padding=&#8221;4%&#8221; css=&#8221;.vc_custom_1728306174737{border: 4px solid #d1bc8a !important;border-radius: 20px !important;}&#8221;][vc_column_text]<\/p>\n<p style=\"text-align: center;\"><img loading=\"lazy\" decoding=\"async\" class=\"alignnone size-medium wp-image-209\" src=\"https:\/\/praxisgemeinschaft-aspang.at\/wp-content\/uploads\/2024\/07\/DSC00294-240x300.jpg\" alt=\"\" width=\"240\" height=\"300\" srcset=\"https:\/\/praxisgemeinschaft-aspang.at\/wp-content\/uploads\/2024\/07\/DSC00294-240x300.jpg 240w, https:\/\/praxisgemeinschaft-aspang.at\/wp-content\/uploads\/2024\/07\/DSC00294-819x1024.jpg 819w, https:\/\/praxisgemeinschaft-aspang.at\/wp-content\/uploads\/2024\/07\/DSC00294-768x960.jpg 768w, https:\/\/praxisgemeinschaft-aspang.at\/wp-content\/uploads\/2024\/07\/DSC00294-1229x1536.jpg 1229w, https:\/\/praxisgemeinschaft-aspang.at\/wp-content\/uploads\/2024\/07\/DSC00294.jpg 1638w\" sizes=\"auto, (max-width: 240px) 100vw, 240px\" \/><\/p>\n<p style=\"text-align: center;\">Petra Vesely<br \/>\nDiplomierte Gesundheits- und Krankenpflegefachkraft<br \/>\n<a href=\"mailto:familyhealth.vesely@drei.at\" target=\"_blank\" rel=\"noopener\">familyhealth.vesely@drei.at<\/a><br \/>\n<a href=\"tel:+4366473501745\" target=\"_blank\" rel=\"noopener\">0664\/73501745<\/a>[\/vc_column_text][\/vc_column_inner][vc_column_inner width=&#8221;1\/3&#8243; column_padding=&#8221;4%&#8221; background_color=&#8221;#d1c8bc&#8221;][\/vc_column_inner][\/vc_row_inner][\/vc_column][\/vc_row]<\/p>\n","protected":false},"excerpt":{"rendered":"<p>[vc_row][vc_column][\/vc_column][\/vc_row][vc_row][vc_column][vc_custom_heading text=&#8221;Community Nurse&#8221; font_container=&#8221;tag:h3|font_size:30px|text_align:center|color:%23d1bc8a|line_height:35px&#8221;][vc_separator color=&#8221;custom&#8221; border_width=&#8221;2&#8243; el_width=&#8221;40&#8243; accent_color=&#8221;#d1bc8a&#8221;][vc_column_text custom_text_color=&#8221;#3f3f3f&#8221; css=&#8221;.vc_custom_1725902691135{margin-bottom: 0px !important;border-bottom-width: 0px !important;padding-bottom: 5px !important;}&#8221;] Community Nurse \u2013 ist ein Angebot, das sich an zu Hause lebende Menschen mit Beratungs-, Pflege-, Betreuungs- und\/oder Unterst\u00fctzungsbedarf sowie an deren pflegende und betreuende Angeh\u00f6rige und Familien richtet.[\/vc_column_text][\/vc_column][\/vc_row][vc_row css_animation=&#8221;fadeInUp&#8221;][vc_column][vc_row_inner content_placement=&#8221;middle&#8221; gap=&#8221;15&#8243;][vc_column_inner width=&#8221;1\/2&#8243;][vc_custom_heading text=&#8221;Mein Angebot&#8221; font_container=&#8221;tag:h2|font_size:34px|text_align:left|color:%23d1bc8a|line_height:48px&#8221;][separator width=&#8221;60px&#8221; height=&#8221;2px&#8221; color=&#8221;#d1bc8a&#8221; [&hellip;]<\/p>\n","protected":false},"author":1,"featured_media":0,"parent":0,"menu_order":0,"comment_status":"closed","ping_status":"closed","template":"","meta":{"footnotes":""},"class_list":["post-266","page","type-page","status-publish","hentry"],"yoast_head":"<!-- This site is optimized with the Yoast SEO plugin v27.2 - https:\/\/yoast.com\/product\/yoast-seo-wordpress\/ -->\n<title>Community Nurse - Praxisgemeinschaft Aspang<\/title>\n<meta name=\"robots\" content=\"index, follow, max-snippet:-1, max-image-preview:large, max-video-preview:-1\" \/>\n<link rel=\"canonical\" href=\"https:\/\/praxisgemeinschaft-aspang.at\/index.php\/community-nurse\/\" \/>\n<meta property=\"og:locale\" content=\"de_DE\" \/>\n<meta property=\"og:type\" content=\"article\" \/>\n<meta property=\"og:title\" content=\"Community Nurse - Praxisgemeinschaft Aspang\" \/>\n<meta property=\"og:description\" content=\"[vc_row][vc_column][\/vc_column][\/vc_row][vc_row][vc_column][vc_custom_heading text=&#8221;Community Nurse&#8221; font_container=&#8221;tag:h3|font_size:30px|text_align:center|color:%23d1bc8a|line_height:35px&#8221;][vc_separator color=&#8221;custom&#8221; border_width=&#8221;2&#8243; el_width=&#8221;40&#8243; accent_color=&#8221;#d1bc8a&#8221;][vc_column_text custom_text_color=&#8221;#3f3f3f&#8221; css=&#8221;.vc_custom_1725902691135{margin-bottom: 0px !important;border-bottom-width: 0px !important;padding-bottom: 5px !important;}&#8221;] Community Nurse \u2013 ist ein Angebot, das sich an zu Hause lebende Menschen mit Beratungs-, Pflege-, Betreuungs- und\/oder Unterst\u00fctzungsbedarf sowie an deren pflegende und betreuende Angeh\u00f6rige und Familien richtet.[\/vc_column_text][\/vc_column][\/vc_row][vc_row css_animation=&#8221;fadeInUp&#8221;][vc_column][vc_row_inner content_placement=&#8221;middle&#8221; gap=&#8221;15&#8243;][vc_column_inner width=&#8221;1\/2&#8243;][vc_custom_heading text=&#8221;Mein Angebot&#8221; font_container=&#8221;tag:h2|font_size:34px|text_align:left|color:%23d1bc8a|line_height:48px&#8221;][separator width=&#8221;60px&#8221; height=&#8221;2px&#8221; color=&#8221;#d1bc8a&#8221; [&hellip;]\" \/>\n<meta property=\"og:url\" content=\"https:\/\/praxisgemeinschaft-aspang.at\/index.php\/community-nurse\/\" \/>\n<meta property=\"og:site_name\" content=\"Praxisgemeinschaft Aspang\" \/>\n<meta property=\"article:modified_time\" content=\"2024-10-14T10:20:40+00:00\" \/>\n<meta property=\"og:image\" content=\"https:\/\/praxisgemeinschaft-aspang.at\/wp-content\/uploads\/2024\/07\/DSC00294-240x300.jpg\" \/>\n<meta name=\"twitter:card\" content=\"summary_large_image\" \/>\n<script type=\"application\/ld+json\" class=\"yoast-schema-graph\">{\"@context\":\"https:\/\/schema.org\",\"@graph\":[{\"@type\":\"WebPage\",\"@id\":\"https:\/\/praxisgemeinschaft-aspang.at\/index.php\/community-nurse\/\",\"url\":\"https:\/\/praxisgemeinschaft-aspang.at\/index.php\/community-nurse\/\",\"name\":\"Community Nurse - Praxisgemeinschaft Aspang\",\"isPartOf\":{\"@id\":\"https:\/\/praxisgemeinschaft-aspang.at\/#website\"},\"primaryImageOfPage\":{\"@id\":\"https:\/\/praxisgemeinschaft-aspang.at\/index.php\/community-nurse\/#primaryimage\"},\"image\":{\"@id\":\"https:\/\/praxisgemeinschaft-aspang.at\/index.php\/community-nurse\/#primaryimage\"},\"thumbnailUrl\":\"https:\/\/praxisgemeinschaft-aspang.at\/wp-content\/uploads\/2024\/07\/DSC00294-240x300.jpg\",\"datePublished\":\"2024-09-09T12:39:07+00:00\",\"dateModified\":\"2024-10-14T10:20:40+00:00\",\"breadcrumb\":{\"@id\":\"https:\/\/praxisgemeinschaft-aspang.at\/index.php\/community-nurse\/#breadcrumb\"},\"inLanguage\":\"de-AT\",\"potentialAction\":[{\"@type\":\"ReadAction\",\"target\":[\"https:\/\/praxisgemeinschaft-aspang.at\/index.php\/community-nurse\/\"]}]},{\"@type\":\"ImageObject\",\"inLanguage\":\"de-AT\",\"@id\":\"https:\/\/praxisgemeinschaft-aspang.at\/index.php\/community-nurse\/#primaryimage\",\"url\":\"https:\/\/praxisgemeinschaft-aspang.at\/wp-content\/uploads\/2024\/07\/DSC00294.jpg\",\"contentUrl\":\"https:\/\/praxisgemeinschaft-aspang.at\/wp-content\/uploads\/2024\/07\/DSC00294.jpg\",\"width\":1638,\"height\":2048},{\"@type\":\"BreadcrumbList\",\"@id\":\"https:\/\/praxisgemeinschaft-aspang.at\/index.php\/community-nurse\/#breadcrumb\",\"itemListElement\":[{\"@type\":\"ListItem\",\"position\":1,\"name\":\"Startseite\",\"item\":\"https:\/\/praxisgemeinschaft-aspang.at\/\"},{\"@type\":\"ListItem\",\"position\":2,\"name\":\"Community Nurse\"}]},{\"@type\":\"WebSite\",\"@id\":\"https:\/\/praxisgemeinschaft-aspang.at\/#website\",\"url\":\"https:\/\/praxisgemeinschaft-aspang.at\/\",\"name\":\"Praxisgemeinschaft Aspang\",\"description\":\"Gesundheit - Logop\u00e4die - Pflege\",\"potentialAction\":[{\"@type\":\"SearchAction\",\"target\":{\"@type\":\"EntryPoint\",\"urlTemplate\":\"https:\/\/praxisgemeinschaft-aspang.at\/?s={search_term_string}\"},\"query-input\":{\"@type\":\"PropertyValueSpecification\",\"valueRequired\":true,\"valueName\":\"search_term_string\"}}],\"inLanguage\":\"de-AT\"}]}<\/script>\n<!-- \/ Yoast SEO plugin. -->","yoast_head_json":{"title":"Community Nurse - Praxisgemeinschaft Aspang","robots":{"index":"index","follow":"follow","max-snippet":"max-snippet:-1","max-image-preview":"max-image-preview:large","max-video-preview":"max-video-preview:-1"},"canonical":"https:\/\/praxisgemeinschaft-aspang.at\/index.php\/community-nurse\/","og_locale":"de_DE","og_type":"article","og_title":"Community Nurse - Praxisgemeinschaft Aspang","og_description":"[vc_row][vc_column][\/vc_column][\/vc_row][vc_row][vc_column][vc_custom_heading text=&#8221;Community Nurse&#8221; font_container=&#8221;tag:h3|font_size:30px|text_align:center|color:%23d1bc8a|line_height:35px&#8221;][vc_separator color=&#8221;custom&#8221; border_width=&#8221;2&#8243; el_width=&#8221;40&#8243; accent_color=&#8221;#d1bc8a&#8221;][vc_column_text custom_text_color=&#8221;#3f3f3f&#8221; css=&#8221;.vc_custom_1725902691135{margin-bottom: 0px !important;border-bottom-width: 0px !important;padding-bottom: 5px !important;}&#8221;] Community Nurse \u2013 ist ein Angebot, das sich an zu Hause lebende Menschen mit Beratungs-, Pflege-, Betreuungs- und\/oder Unterst\u00fctzungsbedarf sowie an deren pflegende und betreuende Angeh\u00f6rige und Familien richtet.[\/vc_column_text][\/vc_column][\/vc_row][vc_row css_animation=&#8221;fadeInUp&#8221;][vc_column][vc_row_inner content_placement=&#8221;middle&#8221; gap=&#8221;15&#8243;][vc_column_inner width=&#8221;1\/2&#8243;][vc_custom_heading text=&#8221;Mein Angebot&#8221; font_container=&#8221;tag:h2|font_size:34px|text_align:left|color:%23d1bc8a|line_height:48px&#8221;][separator width=&#8221;60px&#8221; height=&#8221;2px&#8221; color=&#8221;#d1bc8a&#8221; [&hellip;]","og_url":"https:\/\/praxisgemeinschaft-aspang.at\/index.php\/community-nurse\/","og_site_name":"Praxisgemeinschaft Aspang","article_modified_time":"2024-10-14T10:20:40+00:00","og_image":[{"url":"https:\/\/praxisgemeinschaft-aspang.at\/wp-content\/uploads\/2024\/07\/DSC00294-240x300.jpg","type":"","width":"","height":""}],"twitter_card":"summary_large_image","schema":{"@context":"https:\/\/schema.org","@graph":[{"@type":"WebPage","@id":"https:\/\/praxisgemeinschaft-aspang.at\/index.php\/community-nurse\/","url":"https:\/\/praxisgemeinschaft-aspang.at\/index.php\/community-nurse\/","name":"Community Nurse - Praxisgemeinschaft Aspang","isPartOf":{"@id":"https:\/\/praxisgemeinschaft-aspang.at\/#website"},"primaryImageOfPage":{"@id":"https:\/\/praxisgemeinschaft-aspang.at\/index.php\/community-nurse\/#primaryimage"},"image":{"@id":"https:\/\/praxisgemeinschaft-aspang.at\/index.php\/community-nurse\/#primaryimage"},"thumbnailUrl":"https:\/\/praxisgemeinschaft-aspang.at\/wp-content\/uploads\/2024\/07\/DSC00294-240x300.jpg","datePublished":"2024-09-09T12:39:07+00:00","dateModified":"2024-10-14T10:20:40+00:00","breadcrumb":{"@id":"https:\/\/praxisgemeinschaft-aspang.at\/index.php\/community-nurse\/#breadcrumb"},"inLanguage":"de-AT","potentialAction":[{"@type":"ReadAction","target":["https:\/\/praxisgemeinschaft-aspang.at\/index.php\/community-nurse\/"]}]},{"@type":"ImageObject","inLanguage":"de-AT","@id":"https:\/\/praxisgemeinschaft-aspang.at\/index.php\/community-nurse\/#primaryimage","url":"https:\/\/praxisgemeinschaft-aspang.at\/wp-content\/uploads\/2024\/07\/DSC00294.jpg","contentUrl":"https:\/\/praxisgemeinschaft-aspang.at\/wp-content\/uploads\/2024\/07\/DSC00294.jpg","width":1638,"height":2048},{"@type":"BreadcrumbList","@id":"https:\/\/praxisgemeinschaft-aspang.at\/index.php\/community-nurse\/#breadcrumb","itemListElement":[{"@type":"ListItem","position":1,"name":"Startseite","item":"https:\/\/praxisgemeinschaft-aspang.at\/"},{"@type":"ListItem","position":2,"name":"Community Nurse"}]},{"@type":"WebSite","@id":"https:\/\/praxisgemeinschaft-aspang.at\/#website","url":"https:\/\/praxisgemeinschaft-aspang.at\/","name":"Praxisgemeinschaft Aspang","description":"Gesundheit - Logop\u00e4die - Pflege","potentialAction":[{"@type":"SearchAction","target":{"@type":"EntryPoint","urlTemplate":"https:\/\/praxisgemeinschaft-aspang.at\/?s={search_term_string}"},"query-input":{"@type":"PropertyValueSpecification","valueRequired":true,"valueName":"search_term_string"}}],"inLanguage":"de-AT"}]}},"_links":{"self":[{"href":"https:\/\/praxisgemeinschaft-aspang.at\/index.php\/wp-json\/wp\/v2\/pages\/266","targetHints":{"allow":["GET"]}}],"collection":[{"href":"https:\/\/praxisgemeinschaft-aspang.at\/index.php\/wp-json\/wp\/v2\/pages"}],"about":[{"href":"https:\/\/praxisgemeinschaft-aspang.at\/index.php\/wp-json\/wp\/v2\/types\/page"}],"author":[{"embeddable":true,"href":"https:\/\/praxisgemeinschaft-aspang.at\/index.php\/wp-json\/wp\/v2\/users\/1"}],"replies":[{"embeddable":true,"href":"https:\/\/praxisgemeinschaft-aspang.at\/index.php\/wp-json\/wp\/v2\/comments?post=266"}],"version-history":[{"count":10,"href":"https:\/\/praxisgemeinschaft-aspang.at\/index.php\/wp-json\/wp\/v2\/pages\/266\/revisions"}],"predecessor-version":[{"id":377,"href":"https:\/\/praxisgemeinschaft-aspang.at\/index.php\/wp-json\/wp\/v2\/pages\/266\/revisions\/377"}],"wp:attachment":[{"href":"https:\/\/praxisgemeinschaft-aspang.at\/index.php\/wp-json\/wp\/v2\/media?parent=266"}],"curies":[{"name":"wp","href":"https:\/\/api.w.org\/{rel}","templated":true}]}}