{"id":76,"date":"2024-04-08T15:08:16","date_gmt":"2024-04-08T15:08:16","guid":{"rendered":"https:\/\/praxisgemeinschaft-aspang.at\/?page_id=76"},"modified":"2025-06-06T07:00:35","modified_gmt":"2025-06-06T07:00:35","slug":"gesundheit-2","status":"publish","type":"page","link":"https:\/\/praxisgemeinschaft-aspang.at\/index.php\/gesundheit-2\/","title":{"rendered":"Gesundheit"},"content":{"rendered":"<p>[vc_row][vc_column][\/vc_column][\/vc_row][vc_row css_animation=&#8221;fadeInUp&#8221;][vc_column css=&#8221;.vc_custom_1728315081735{padding-right: 10px !important;}&#8221;][vc_row_inner content_placement=&#8221;middle&#8221; gap=&#8221;15&#8243;][vc_column_inner width=&#8221;1\/2&#8243;][vc_custom_heading text=&#8221;Der Mensch \u2013 ein komplexer Organismus!&#8221; font_container=&#8221;tag:h2|font_size:34px|text_align:left|color:%23d1bc8a|line_height:48px&#8221;][separator width=&#8221;60px&#8221; height=&#8221;2px&#8221; color=&#8221;#d1bc8a&#8221; margin_top=&#8221;-7px&#8221; margin_bottom=&#8221;30px&#8221;][vc_column_text css=&#8221;.vc_custom_1728315042378{margin-bottom: 0px !important;border-bottom-width: 0px !important;padding-bottom: 5px !important;}&#8221;]Der menschliche K\u00f6rper besteht aus zig-Billionen Zellen. Jede Einzelne dieser Zellen, hat verschiedenste Aufgaben zu erf\u00fcllen, wof\u00fcr Energie ben\u00f6tigt wird. Um es einfacher auszudr\u00fccken: \u201c<strong>Jede Zelle f\u00fcr sich arbeitet wie ein kleines Kraftwerk<\/strong>\u201d.<br \/>\nUm die Zellkraftwerke am Laufen zu halten, m\u00fcssen folgende Grundvoraussetzungen gegeben sein:<\/p>\n<p>&nbsp;[\/vc_column_text][list icon=&#8221;moon-star-4&#8243;][list_item title=&#8221;Brennstoff&#8221; icon=&#8221;moon-star-4&#8243; icon_color=&#8221;#d1bc8a&#8221;][list_item title=&#8221;Anz\u00fcnder und Sauerstoff&#8221; icon=&#8221;moon-star-4&#8243; icon_color=&#8221;#d1bc8a&#8221;][list_item title=&#8221;Entsorgung&#8221; icon=&#8221;moon-star-4&#8243; icon_color=&#8221;#d1bc8a&#8221;][\/list][\/vc_column_inner][vc_column_inner width=&#8221;1\/2&#8243;][media animation=&#8221;none&#8221; image=&#8221;280&#8243;][\/vc_column_inner][\/vc_row_inner][\/vc_column][\/vc_row][vc_row type=&#8221;full_width_background&#8221; css_animation=&#8221;fadeInUp&#8221;][vc_column][vc_row_inner][vc_column_inner width=&#8221;1\/3&#8243;][services_medium title=&#8221;Brennstoff&#8221; icon=&#8221;moon-fire-2&#8243; icon_color=&#8221;#ffffff&#8221; circle_color=&#8221;#d1bc8a&#8221; border_color=&#8221;#d1bc8a&#8221; dynamic_content_link=&#8221;https:\/\/praxisgemeinschaft-aspang.at\/index.php\/kontakt\/&#8221;]Um einen Ofen zum Brennen zu bekommen, ben\u00f6tigt man einen Brennstoff. Dieser ist f\u00fcr unseren Organismus eine m\u00f6glichst naturbelassene, regionale und saisonale Nahrung. Die Nahrung liefert uns Hauptn\u00e4hrstoffe, wie Eiwei\u00dfe, Fette und Kohlenhydrate, die in einem angemessenen Verh\u00e4ltnis aufgenommen werden m\u00fcssen.[\/services_medium][\/vc_column_inner][vc_column_inner width=&#8221;1\/3&#8243;][services_medium title=&#8221;Anz\u00fcnder und Sauerstoff&#8221; icon=&#8221;moon-windy&#8221; icon_color=&#8221;#ffffff&#8221; circle_color=&#8221;#d1bc8a&#8221; border_color=&#8221;#d1bc8a&#8221; dynamic_content_link=&#8221;https:\/\/praxisgemeinschaft-aspang.at\/index.php\/kontakt\/&#8221;]Um das Feuer zu entfachen, brauchen wir einen Anz\u00fcnder und Sauerstoff. Die Anz\u00fcnder in unserem K\u00f6rper sind Vitamine, Mineralien, Spurenelementen, Pflanzenstoffe\u2026 Durch Bewegung im Freien wird der K\u00f6rper mit Sauerstoff versorgt, welcher ein Muss f\u00fcr die optimale Funktion unserer Zellen ist.[\/services_medium][\/vc_column_inner][vc_column_inner width=&#8221;1\/3&#8243;][services_medium title=&#8221;Entsorgung&#8221; icon=&#8221;icon-trash&#8221; icon_color=&#8221;#ffffff&#8221; circle_color=&#8221;#d1bc8a&#8221; border_color=&#8221;#d1bc8a&#8221; dynamic_content_link=&#8221;https:\/\/praxisgemeinschaft-aspang.at\/index.php\/kontakt\/&#8221;]Wenn unser Organismus brennt, fallen Stoffwechsel-Endprodukte an, die wie Ru\u00df im Ofen entsprechend entsorgt werden m\u00fcssen. Dh. unser Entgiftungssystem (Leber, Niere, Darm, Haut und Lunge), ist genauso wichtig f\u00fcr die dauerhafte Gesundheit wie die Energiebereitstellung.[\/services_medium][\/vc_column_inner][\/vc_row_inner][\/vc_column][\/vc_row][vc_row top_padding=&#8221;50&#8243; bottom_padding=&#8221;50&#8243; css_animation=&#8221;fadeInUp&#8221;][vc_column css=&#8221;.vc_custom_1725894081841{padding-right: 10px !important;}&#8221;][vc_row_inner content_placement=&#8221;middle&#8221;][vc_column_inner width=&#8221;1\/2&#8243;][media animation=&#8221;none&#8221; image=&#8221;279&#8243;][\/vc_column_inner][vc_column_inner width=&#8221;1\/2&#8243;][vc_custom_heading text=&#8221;Optimale Zellenenergie&#8221; font_container=&#8221;tag:h2|font_size:34px|text_align:left|color:%23d1bc8a|line_height:48px&#8221;][separator width=&#8221;60px&#8221; height=&#8221;2px&#8221; color=&#8221;#d1bc8a&#8221; margin_top=&#8221;-7px&#8221; margin_bottom=&#8221;30px&#8221;][vc_column_text css=&#8221;.vc_custom_1725897197261{margin-bottom: 0px !important;border-bottom-width: 0px !important;padding-bottom: 5px !important;}&#8221;]Wenn wir in unseren Zellen Rahmenbedingungen f\u00fcr eine optimale Zellenergien schaffen, so werden wir immer ausreichend Lebensenergie haben, um<\/p>\n<ul>\n<li>nachhaltig<\/li>\n<li>gesund<\/li>\n<li>zufrieden<\/li>\n<li>leistungsf\u00e4hig<\/li>\n<\/ul>\n<p>zu bleiben.<\/p>\n<p>Leider leben wir in einer Zeit, in der wir Menschen viel dazu beitragen, dass auf unsere Zellen Stressfaktoren einwirken, anstatt sie positiv in der Erhaltung des &#8220;Organismus-Mensch&#8221; zu unterst\u00fctzen.<br \/>\nTrotz oder gerade wegen modernster Technologie und Medizin entfernen wir uns immer weiter von der Natur und seinen banalen Gesetzm\u00e4\u00dfigkeiten.<\/p>\n<p>Die Folge: <strong>Eine degenerierende und immer kr\u00e4nker werdende Gesellschaft.<\/strong>[\/vc_column_text][\/vc_column_inner][\/vc_row_inner][\/vc_column][\/vc_row][vc_row top_padding=&#8221;50&#8243; bottom_padding=&#8221;50&#8243; css_animation=&#8221;fadeInUp&#8221;][vc_column css=&#8221;.vc_custom_1728315104934{padding-right: 10px !important;}&#8221;][vc_row_inner content_placement=&#8221;middle&#8221; gap=&#8221;15&#8243;][vc_column_inner width=&#8221;1\/2&#8243;][vc_custom_heading text=&#8221;Mein Ziel&#8221; font_container=&#8221;tag:h2|font_size:34px|text_align:left|color:%23d1bc8a|line_height:48px&#8221;][separator width=&#8221;60px&#8221; height=&#8221;2px&#8221; color=&#8221;#d1bc8a&#8221; margin_top=&#8221;-7px&#8221; margin_bottom=&#8221;30px&#8221;][vc_column_text css=&#8221;.vc_custom_1745334077982{margin-bottom: 0px !important;border-bottom-width: 0px !important;padding-bottom: 5px !important;}&#8221;]Aus pr\u00e4ventiver Sicht betrachtet, ist die entscheidende Frage:<br \/>\n&#8220;<strong>Wie kann ich meine Gesundheit erhalten und Krankheiten vermeiden?&#8221;<\/strong><\/p>\n<p>Mein Ziel ist es, ihnen M\u00f6glichkeiten aufzuzeigen, ihr Leben so zu gestalten, dass sie m\u00f6glichst viele gesunde Lebensjahre vor sich haben.<\/p>\n<p>Gerne werde ich sie bei der Widererlangung ihrer Gesundheitskompetenz unterst\u00fctzen, indem ich als <strong>Therapeutin f\u00fcr angewandte Psycho-Neuro-Immunologie<\/strong> meinen Schwerpunkt auf die <strong>Gesundheitsf\u00f6rderung<\/strong> setzte, wobei hier die <strong>Optimierung der Energieverteilung<\/strong> im Vordergrund steht.<\/p>\n<p>&nbsp;<\/p>\n<p><strong>Angewandte Psychoneuroimmunologie (aPNI)<br \/>\n<\/strong>Wissenschaftlich fundiert \u2013 ganzheitlich wirksam<\/p>\n<p>Die angewandte Psychoneuroimmunologie (aPNI) verbindet moderne Erkenntnisse aus Medizin, Psychologie, Immunologie, Neurowissenschaften und Endokrinologie. Sie betrachtet den Menschen als komplexes System, in dem K\u00f6rper, Geist und Umwelt untrennbar miteinander verbunden sind.<\/p>\n<p>Im Mittelpunkt steht das Zusammenspiel von Gehirn, Immunsystem, Hormonen und Stoffwechsel \u2013 und wie chronischer Stress, Ern\u00e4hrung, Bewegung, Schlaf, Traumata oder soziale Beziehungen diese Systeme beeinflussen.<\/p>\n<p>Ziel der aPNI ist es, krankmachende Muster zu erkennen und urs\u00e4chlich zu behandeln \u2013 nicht nur Symptome zu unterdr\u00fccken.[\/vc_column_text][\/vc_column_inner][vc_column_inner width=&#8221;1\/2&#8243;][media animation=&#8221;none&#8221; image=&#8221;209&#8243;][\/vc_column_inner][\/vc_row_inner][\/vc_column][\/vc_row][vc_row top_padding=&#8221;50&#8243; bottom_padding=&#8221;50&#8243; css_animation=&#8221;fadeInUp&#8221;][vc_column css=&#8221;.vc_custom_1725894081841{padding-right: 10px !important;}&#8221;][vc_row_inner content_placement=&#8221;middle&#8221;][vc_column_inner width=&#8221;1\/2&#8243;][media animation=&#8221;none&#8221; image=&#8221;278&#8243;][\/vc_column_inner][vc_column_inner width=&#8221;1\/2&#8243;][vc_column_text css=&#8221;.vc_custom_1749192959244{margin-bottom: 0px !important;border-bottom-width: 0px !important;padding-bottom: 5px !important;}&#8221;]<strong>Typische Anwendungsbereiche der aPNI:<\/strong><\/p>\n<ul>\n<li>Chronische Entz\u00fcndungen und Autoimmunerkrankungen (z.\u202fB. Hashimoto, Rheuma, Colitis ulcerosa)<\/li>\n<li>Ersch\u00f6pfungszust\u00e4nde, Burnout, Schlafst\u00f6rungen<\/li>\n<li>Hormonelle Dysbalancen (z.\u202fB. Cortisol-DHEA-St\u00f6rung, Zyklusprobleme)<\/li>\n<li>Reizdarm, Nahrungsmittelunvertr\u00e4glichkeiten, Darmgesundheit<\/li>\n<li>Begleitung bei Krebs, nach Infektionen oder Operationen<\/li>\n<li>Unterst\u00fctzung in Lebenskrisen<\/li>\n<\/ul>\n<p><strong>Therapieansatz:<\/strong><\/p>\n<p>Die aPNI nutzt u.\u202fa. gezielte Ern\u00e4hrungsstrategien, Mikron\u00e4hrstoffe, Bewegung, Entspannungstechniken und psychologische Interventionen. So entsteht ein individueller, nachhaltiger Interventionsplan\u00a0 \u2013 wissenschaftlich begr\u00fcndet und auf Augenh\u00f6he.[\/vc_column_text][\/vc_column_inner][\/vc_row_inner][\/vc_column][\/vc_row][vc_row top_padding=&#8221;50&#8243; bottom_padding=&#8221;50&#8243; css_animation=&#8221;fadeInUp&#8221;][vc_column css=&#8221;.vc_custom_1728315104934{padding-right: 10px !important;}&#8221;][vc_row_inner content_placement=&#8221;middle&#8221; gap=&#8221;15&#8243;][vc_column_inner width=&#8221;1\/2&#8243;][vc_column_text css=&#8221;.vc_custom_1745334305095{margin-bottom: 0px !important;border-bottom-width: 0px !important;padding-bottom: 5px !important;}&#8221;]Die letzten Jahre haben gezeigt, wie wichtig, die Unterst\u00fctzung des eigenen Immunsystems ist.<br \/>\nMit Hilfe von<\/p>\n<ul>\n<li>ausreichender Bewegung<\/li>\n<li>gesunder Ern\u00e4hrung<\/li>\n<li>Stressbew\u00e4ltigung<\/li>\n<li>Ausgleich von Mikron\u00e4hrstoffm\u00e4ngel<\/li>\n<\/ul>\n<p>kann das Immunsystem gut unterst\u00fctzt werden.<\/p>\n<p>Ich freue mich auf Ihre Anfragen.<\/p>\n<p>&nbsp;<\/p>\n<p><strong>Wichtiger Hinweis<\/strong><\/p>\n<p>Die Leistungen im Rahmen der aPNI (Angewandte Psychoneuroimmunologie) stellen keine \u00e4rztliche Behandlung dar und ersetzen nicht die Diagnose oder<br \/>\nTherapie durch einen Arzt. Es werden keine medizinischen Diagnosen gestellt und keine Heilversprechen gegeben.<\/p>\n<p>Die aPNI versteht sich als erg\u00e4nzender Ansatz zur F\u00f6rderung Ihrer Gesundheit und zur Unterst\u00fctzung Ihrer Selbstregulationskr\u00e4fte .[\/vc_column_text][\/vc_column_inner][vc_column_inner width=&#8221;1\/2&#8243;][media animation=&#8221;none&#8221; image=&#8221;276&#8243;][\/vc_column_inner][\/vc_row_inner][\/vc_column][\/vc_row][vc_row type=&#8221;full_width_background&#8221; top_padding=&#8221;50&#8243; css_animation=&#8221;fadeInUp&#8221;][vc_column][vc_custom_heading text=&#8221;Honorar &#038; Organisatorisches&#8221; font_container=&#8221;tag:h2|font_size:34px|text_align:center|color:%23d1bc8a|line_height:48px&#8221;][separator width=&#8221;80px&#8221; height=&#8221;2px&#8221; position=&#8221;center&#8221; color=&#8221;#d1bc8a&#8221; margin_top=&#8221;-7px&#8221; margin_bottom=&#8221;30px&#8221;][vc_column_text]<\/p>\n<p style=\"text-align: center;\">F\u00fcr die individuelle Vorbereitung und Ausarbeitung Ihres pers\u00f6nlichen Interventionsplans berechne ich ein Honorar von <strong>150 Euro<\/strong>.<\/p>\n<p style=\"text-align: center;\">Weitere Beratungstermine kosten <strong>90 Euro<\/strong> pro Stunde. Die Abrechnung erfolgt im 15-Minuten-Takt \u2013 Sie zahlen also nur die Zeit, die Sie tats\u00e4chlich in Anspruch nehmen.<\/p>\n<p style=\"text-align: center;\"><strong>Bitte beachten Sie:<\/strong><br \/>\nDa jeder Termin sorgf\u00e4ltig vorbereitet wird, ist das Honorar auch dann f\u00e4llig, wenn der Termin nicht oder nur kurzfristig abgesagt wird. Sollten Sie verhindert sein, sagen Sie bitte mindestens 24 Stunden vorher ab, damit ich den Termin anderweitig vergeben kann. Bei sp\u00e4terer Absage oder Nichterscheinen muss der Termin leider in Rechnung gestellt werden.<\/p>\n<p style=\"text-align: center;\">Die aPNI-Beratung ist eine Privatleistung und wird in der Regel nicht von den gesetzlichen Krankenkassen und Zusatzversicherungen \u00fcbernommen.<\/p>\n<p style=\"text-align: center;\">Die Zahlung erfolgt in der Regel bar oder per \u00dcberweisung nach Rechnungsstellung.<\/p>\n<p>[\/vc_column_text][\/vc_column][\/vc_row][vc_row type=&#8221;full_width_background&#8221; top_padding=&#8221;50&#8243; css_animation=&#8221;fadeInUp&#8221;][vc_column][vc_custom_heading text=&#8221;Kooperationen &#038; Netzwerk&#8221; font_container=&#8221;tag:h2|font_size:34px|text_align:center|color:%23d1bc8a|line_height:48px&#8221;][separator width=&#8221;80px&#8221; height=&#8221;2px&#8221; position=&#8221;center&#8221; color=&#8221;#d1bc8a&#8221; margin_top=&#8221;-7px&#8221; margin_bottom=&#8221;30px&#8221;][vc_column_text]<\/p>\n<p style=\"text-align: center;\">Ich arbeite mit einem sorgf\u00e4ltig ausgew\u00e4hlten Netzwerk zusammen, die meine Arbeit erg\u00e4nzen und bereichern. Eine \u00dcbersicht meiner Partner, mit denen<br \/>\nich direkt oder indirekt zusammenarbeite, finden Sie unterhalb. Wenn sie auf die Logos meiner Partner klicken, werden sie direkt zu deren Webseite weitergeleitet.[\/vc_column_text][vc_row_inner][vc_column_inner width=&#8221;1\/3&#8243;][media animation=&#8221;none&#8221; link=&#8221;https:\/\/naturesan.at\/mikronaehrstoffe?sPartner=UGV0cmEgVmVzZWx5&#8243; shadow=&#8221;1&#8243; image=&#8221;402&#8243;][\/vc_column_inner][vc_column_inner width=&#8221;1\/3&#8243;][media animation=&#8221;none&#8221; link=&#8221;https:\/\/odem-leben.at\/?bid=385806-113080-&#8221; shadow=&#8221;1&#8243; image=&#8221;403&#8243;][\/vc_column_inner][vc_column_inner width=&#8221;1\/3&#8243;][media animation=&#8221;none&#8221; link=&#8221;https:\/\/www.vitals.eu\/?voucher=20003234&#8243; shadow=&#8221;1&#8243; image=&#8221;404&#8243;][\/vc_column_inner][\/vc_row_inner][vc_row_inner css=&#8221;.vc_custom_1745335379865{padding-top: 25px !important;}&#8221;][vc_column_inner width=&#8221;1\/3&#8243;][media animation=&#8221;none&#8221; link=&#8221;https:\/\/natugena.de\/Startseite.aspx?r=5601&#8243; shadow=&#8221;1&#8243; image=&#8221;401&#8243;][\/vc_column_inner][vc_column_inner width=&#8221;1\/3&#8243;][media animation=&#8221;none&#8221; link=&#8221;http:\/\/www.vita-world24.de\/?affiliateCode=47093&#8243; shadow=&#8221;1&#8243; image=&#8221;405&#8243;][\/vc_column_inner][vc_column_inner width=&#8221;1\/3&#8243;][media animation=&#8221;none&#8221; link=&#8221;https:\/\/www.wowtamins.de\/VESELY10&#8243; shadow=&#8221;1&#8243; image=&#8221;406&#8243;][\/vc_column_inner][\/vc_row_inner][\/vc_column][\/vc_row][vc_row type=&#8221;full_width_background&#8221; top_padding=&#8221;50&#8243; css_animation=&#8221;fadeInUp&#8221;][vc_column][vc_custom_heading text=&#8221;Kontaktdaten&#8221; font_container=&#8221;tag:h2|font_size:34px|text_align:center|color:%23d1bc8a|line_height:48px&#8221;][separator width=&#8221;80px&#8221; height=&#8221;2px&#8221; position=&#8221;center&#8221; color=&#8221;#d1bc8a&#8221; margin_top=&#8221;-7px&#8221; margin_bottom=&#8221;30px&#8221;][vc_row_inner equal_height=&#8221;yes&#8221; content_placement=&#8221;middle&#8221; gap=&#8221;30&#8243;][vc_column_inner width=&#8221;1\/3&#8243;][separator color=&#8221;&#8221;][\/vc_column_inner][vc_column_inner width=&#8221;1\/3&#8243; column_padding=&#8221;4%&#8221; css=&#8221;.vc_custom_1728306376143{border: 4px solid #d1bc8a !important;border-radius: 20px !important;}&#8221;][vc_column_text]<\/p>\n<p style=\"text-align: center;\"><img loading=\"lazy\" decoding=\"async\" class=\"alignnone size-medium wp-image-209\" src=\"https:\/\/praxisgemeinschaft-aspang.at\/wp-content\/uploads\/2024\/07\/DSC00294-240x300.jpg\" alt=\"\" width=\"240\" height=\"300\" srcset=\"https:\/\/praxisgemeinschaft-aspang.at\/wp-content\/uploads\/2024\/07\/DSC00294-240x300.jpg 240w, https:\/\/praxisgemeinschaft-aspang.at\/wp-content\/uploads\/2024\/07\/DSC00294-819x1024.jpg 819w, https:\/\/praxisgemeinschaft-aspang.at\/wp-content\/uploads\/2024\/07\/DSC00294-768x960.jpg 768w, https:\/\/praxisgemeinschaft-aspang.at\/wp-content\/uploads\/2024\/07\/DSC00294-1229x1536.jpg 1229w, https:\/\/praxisgemeinschaft-aspang.at\/wp-content\/uploads\/2024\/07\/DSC00294.jpg 1638w\" sizes=\"auto, (max-width: 240px) 100vw, 240px\" \/><\/p>\n<p style=\"text-align: center;\">Petra Vesely<br \/>\naPNI-Therapeutin, DGKP<br \/>\n<a href=\"mailto:energieverteilung-optimieren@aon.at\" target=\"_blank\" rel=\"noopener\">energieverteilung-optimieren@aon.at<\/a><br \/>\n<a href=\"tel:+4366473501745\" target=\"_blank\" rel=\"noopener\">0664\/73501745<\/a><\/p>\n<p>[\/vc_column_text][\/vc_column_inner][vc_column_inner width=&#8221;1\/3&#8243; column_padding=&#8221;4%&#8221; background_color=&#8221;#d1c8bc&#8221;][\/vc_column_inner][\/vc_row_inner][\/vc_column][\/vc_row]<\/p>\n","protected":false},"excerpt":{"rendered":"<p>[vc_row][vc_column][\/vc_column][\/vc_row][vc_row css_animation=&#8221;fadeInUp&#8221;][vc_column css=&#8221;.vc_custom_1728315081735{padding-right: 10px !important;}&#8221;][vc_row_inner content_placement=&#8221;middle&#8221; gap=&#8221;15&#8243;][vc_column_inner width=&#8221;1\/2&#8243;][vc_custom_heading text=&#8221;Der Mensch \u2013 ein komplexer Organismus!&#8221; font_container=&#8221;tag:h2|font_size:34px|text_align:left|color:%23d1bc8a|line_height:48px&#8221;][separator width=&#8221;60px&#8221; height=&#8221;2px&#8221; color=&#8221;#d1bc8a&#8221; margin_top=&#8221;-7px&#8221; margin_bottom=&#8221;30px&#8221;][vc_column_text css=&#8221;.vc_custom_1728315042378{margin-bottom: 0px !important;border-bottom-width: 0px !important;padding-bottom: 5px !important;}&#8221;]Der menschliche K\u00f6rper besteht aus zig-Billionen Zellen. Jede Einzelne dieser Zellen, hat verschiedenste Aufgaben zu erf\u00fcllen, wof\u00fcr Energie ben\u00f6tigt wird. Um es einfacher auszudr\u00fccken: \u201cJede Zelle f\u00fcr sich arbeitet [&hellip;]<\/p>\n","protected":false},"author":1,"featured_media":0,"parent":0,"menu_order":0,"comment_status":"closed","ping_status":"closed","template":"","meta":{"footnotes":""},"class_list":["post-76","page","type-page","status-publish","hentry"],"yoast_head":"<!-- This site is optimized with the Yoast SEO plugin v27.2 - https:\/\/yoast.com\/product\/yoast-seo-wordpress\/ -->\n<title>Gesundheit - Praxisgemeinschaft Aspang<\/title>\n<meta name=\"robots\" content=\"index, follow, max-snippet:-1, max-image-preview:large, max-video-preview:-1\" \/>\n<link rel=\"canonical\" href=\"https:\/\/praxisgemeinschaft-aspang.at\/index.php\/gesundheit-2\/\" \/>\n<meta property=\"og:locale\" content=\"de_DE\" \/>\n<meta property=\"og:type\" content=\"article\" \/>\n<meta property=\"og:title\" content=\"Gesundheit - Praxisgemeinschaft Aspang\" \/>\n<meta property=\"og:description\" content=\"[vc_row][vc_column][\/vc_column][\/vc_row][vc_row css_animation=&#8221;fadeInUp&#8221;][vc_column css=&#8221;.vc_custom_1728315081735{padding-right: 10px !important;}&#8221;][vc_row_inner content_placement=&#8221;middle&#8221; gap=&#8221;15&#8243;][vc_column_inner width=&#8221;1\/2&#8243;][vc_custom_heading text=&#8221;Der Mensch \u2013 ein komplexer Organismus!&#8221; font_container=&#8221;tag:h2|font_size:34px|text_align:left|color:%23d1bc8a|line_height:48px&#8221;][separator width=&#8221;60px&#8221; height=&#8221;2px&#8221; color=&#8221;#d1bc8a&#8221; margin_top=&#8221;-7px&#8221; margin_bottom=&#8221;30px&#8221;][vc_column_text css=&#8221;.vc_custom_1728315042378{margin-bottom: 0px !important;border-bottom-width: 0px !important;padding-bottom: 5px !important;}&#8221;]Der menschliche K\u00f6rper besteht aus zig-Billionen Zellen. Jede Einzelne dieser Zellen, hat verschiedenste Aufgaben zu erf\u00fcllen, wof\u00fcr Energie ben\u00f6tigt wird. Um es einfacher auszudr\u00fccken: \u201cJede Zelle f\u00fcr sich arbeitet [&hellip;]\" \/>\n<meta property=\"og:url\" content=\"https:\/\/praxisgemeinschaft-aspang.at\/index.php\/gesundheit-2\/\" \/>\n<meta property=\"og:site_name\" content=\"Praxisgemeinschaft Aspang\" \/>\n<meta property=\"article:modified_time\" content=\"2025-06-06T07:00:35+00:00\" \/>\n<meta property=\"og:image\" content=\"https:\/\/praxisgemeinschaft-aspang.at\/wp-content\/uploads\/2024\/07\/DSC00294-240x300.jpg\" \/>\n<meta name=\"twitter:card\" content=\"summary_large_image\" \/>\n<script type=\"application\/ld+json\" class=\"yoast-schema-graph\">{\"@context\":\"https:\/\/schema.org\",\"@graph\":[{\"@type\":\"WebPage\",\"@id\":\"https:\/\/praxisgemeinschaft-aspang.at\/index.php\/gesundheit-2\/\",\"url\":\"https:\/\/praxisgemeinschaft-aspang.at\/index.php\/gesundheit-2\/\",\"name\":\"Gesundheit - Praxisgemeinschaft Aspang\",\"isPartOf\":{\"@id\":\"https:\/\/praxisgemeinschaft-aspang.at\/#website\"},\"primaryImageOfPage\":{\"@id\":\"https:\/\/praxisgemeinschaft-aspang.at\/index.php\/gesundheit-2\/#primaryimage\"},\"image\":{\"@id\":\"https:\/\/praxisgemeinschaft-aspang.at\/index.php\/gesundheit-2\/#primaryimage\"},\"thumbnailUrl\":\"https:\/\/praxisgemeinschaft-aspang.at\/wp-content\/uploads\/2024\/07\/DSC00294-240x300.jpg\",\"datePublished\":\"2024-04-08T15:08:16+00:00\",\"dateModified\":\"2025-06-06T07:00:35+00:00\",\"breadcrumb\":{\"@id\":\"https:\/\/praxisgemeinschaft-aspang.at\/index.php\/gesundheit-2\/#breadcrumb\"},\"inLanguage\":\"de-AT\",\"potentialAction\":[{\"@type\":\"ReadAction\",\"target\":[\"https:\/\/praxisgemeinschaft-aspang.at\/index.php\/gesundheit-2\/\"]}]},{\"@type\":\"ImageObject\",\"inLanguage\":\"de-AT\",\"@id\":\"https:\/\/praxisgemeinschaft-aspang.at\/index.php\/gesundheit-2\/#primaryimage\",\"url\":\"https:\/\/praxisgemeinschaft-aspang.at\/wp-content\/uploads\/2024\/07\/DSC00294.jpg\",\"contentUrl\":\"https:\/\/praxisgemeinschaft-aspang.at\/wp-content\/uploads\/2024\/07\/DSC00294.jpg\",\"width\":1638,\"height\":2048},{\"@type\":\"BreadcrumbList\",\"@id\":\"https:\/\/praxisgemeinschaft-aspang.at\/index.php\/gesundheit-2\/#breadcrumb\",\"itemListElement\":[{\"@type\":\"ListItem\",\"position\":1,\"name\":\"Startseite\",\"item\":\"https:\/\/praxisgemeinschaft-aspang.at\/\"},{\"@type\":\"ListItem\",\"position\":2,\"name\":\"Gesundheit\"}]},{\"@type\":\"WebSite\",\"@id\":\"https:\/\/praxisgemeinschaft-aspang.at\/#website\",\"url\":\"https:\/\/praxisgemeinschaft-aspang.at\/\",\"name\":\"Praxisgemeinschaft Aspang\",\"description\":\"Gesundheit - Logop\u00e4die - Pflege\",\"potentialAction\":[{\"@type\":\"SearchAction\",\"target\":{\"@type\":\"EntryPoint\",\"urlTemplate\":\"https:\/\/praxisgemeinschaft-aspang.at\/?s={search_term_string}\"},\"query-input\":{\"@type\":\"PropertyValueSpecification\",\"valueRequired\":true,\"valueName\":\"search_term_string\"}}],\"inLanguage\":\"de-AT\"}]}<\/script>\n<!-- \/ Yoast SEO plugin. -->","yoast_head_json":{"title":"Gesundheit - Praxisgemeinschaft Aspang","robots":{"index":"index","follow":"follow","max-snippet":"max-snippet:-1","max-image-preview":"max-image-preview:large","max-video-preview":"max-video-preview:-1"},"canonical":"https:\/\/praxisgemeinschaft-aspang.at\/index.php\/gesundheit-2\/","og_locale":"de_DE","og_type":"article","og_title":"Gesundheit - Praxisgemeinschaft Aspang","og_description":"[vc_row][vc_column][\/vc_column][\/vc_row][vc_row css_animation=&#8221;fadeInUp&#8221;][vc_column css=&#8221;.vc_custom_1728315081735{padding-right: 10px !important;}&#8221;][vc_row_inner content_placement=&#8221;middle&#8221; gap=&#8221;15&#8243;][vc_column_inner width=&#8221;1\/2&#8243;][vc_custom_heading text=&#8221;Der Mensch \u2013 ein komplexer Organismus!&#8221; font_container=&#8221;tag:h2|font_size:34px|text_align:left|color:%23d1bc8a|line_height:48px&#8221;][separator width=&#8221;60px&#8221; height=&#8221;2px&#8221; color=&#8221;#d1bc8a&#8221; margin_top=&#8221;-7px&#8221; margin_bottom=&#8221;30px&#8221;][vc_column_text css=&#8221;.vc_custom_1728315042378{margin-bottom: 0px !important;border-bottom-width: 0px !important;padding-bottom: 5px !important;}&#8221;]Der menschliche K\u00f6rper besteht aus zig-Billionen Zellen. Jede Einzelne dieser Zellen, hat verschiedenste Aufgaben zu erf\u00fcllen, wof\u00fcr Energie ben\u00f6tigt wird. Um es einfacher auszudr\u00fccken: \u201cJede Zelle f\u00fcr sich arbeitet [&hellip;]","og_url":"https:\/\/praxisgemeinschaft-aspang.at\/index.php\/gesundheit-2\/","og_site_name":"Praxisgemeinschaft Aspang","article_modified_time":"2025-06-06T07:00:35+00:00","og_image":[{"url":"https:\/\/praxisgemeinschaft-aspang.at\/wp-content\/uploads\/2024\/07\/DSC00294-240x300.jpg","type":"","width":"","height":""}],"twitter_card":"summary_large_image","schema":{"@context":"https:\/\/schema.org","@graph":[{"@type":"WebPage","@id":"https:\/\/praxisgemeinschaft-aspang.at\/index.php\/gesundheit-2\/","url":"https:\/\/praxisgemeinschaft-aspang.at\/index.php\/gesundheit-2\/","name":"Gesundheit - Praxisgemeinschaft Aspang","isPartOf":{"@id":"https:\/\/praxisgemeinschaft-aspang.at\/#website"},"primaryImageOfPage":{"@id":"https:\/\/praxisgemeinschaft-aspang.at\/index.php\/gesundheit-2\/#primaryimage"},"image":{"@id":"https:\/\/praxisgemeinschaft-aspang.at\/index.php\/gesundheit-2\/#primaryimage"},"thumbnailUrl":"https:\/\/praxisgemeinschaft-aspang.at\/wp-content\/uploads\/2024\/07\/DSC00294-240x300.jpg","datePublished":"2024-04-08T15:08:16+00:00","dateModified":"2025-06-06T07:00:35+00:00","breadcrumb":{"@id":"https:\/\/praxisgemeinschaft-aspang.at\/index.php\/gesundheit-2\/#breadcrumb"},"inLanguage":"de-AT","potentialAction":[{"@type":"ReadAction","target":["https:\/\/praxisgemeinschaft-aspang.at\/index.php\/gesundheit-2\/"]}]},{"@type":"ImageObject","inLanguage":"de-AT","@id":"https:\/\/praxisgemeinschaft-aspang.at\/index.php\/gesundheit-2\/#primaryimage","url":"https:\/\/praxisgemeinschaft-aspang.at\/wp-content\/uploads\/2024\/07\/DSC00294.jpg","contentUrl":"https:\/\/praxisgemeinschaft-aspang.at\/wp-content\/uploads\/2024\/07\/DSC00294.jpg","width":1638,"height":2048},{"@type":"BreadcrumbList","@id":"https:\/\/praxisgemeinschaft-aspang.at\/index.php\/gesundheit-2\/#breadcrumb","itemListElement":[{"@type":"ListItem","position":1,"name":"Startseite","item":"https:\/\/praxisgemeinschaft-aspang.at\/"},{"@type":"ListItem","position":2,"name":"Gesundheit"}]},{"@type":"WebSite","@id":"https:\/\/praxisgemeinschaft-aspang.at\/#website","url":"https:\/\/praxisgemeinschaft-aspang.at\/","name":"Praxisgemeinschaft Aspang","description":"Gesundheit - Logop\u00e4die - Pflege","potentialAction":[{"@type":"SearchAction","target":{"@type":"EntryPoint","urlTemplate":"https:\/\/praxisgemeinschaft-aspang.at\/?s={search_term_string}"},"query-input":{"@type":"PropertyValueSpecification","valueRequired":true,"valueName":"search_term_string"}}],"inLanguage":"de-AT"}]}},"_links":{"self":[{"href":"https:\/\/praxisgemeinschaft-aspang.at\/index.php\/wp-json\/wp\/v2\/pages\/76","targetHints":{"allow":["GET"]}}],"collection":[{"href":"https:\/\/praxisgemeinschaft-aspang.at\/index.php\/wp-json\/wp\/v2\/pages"}],"about":[{"href":"https:\/\/praxisgemeinschaft-aspang.at\/index.php\/wp-json\/wp\/v2\/types\/page"}],"author":[{"embeddable":true,"href":"https:\/\/praxisgemeinschaft-aspang.at\/index.php\/wp-json\/wp\/v2\/users\/1"}],"replies":[{"embeddable":true,"href":"https:\/\/praxisgemeinschaft-aspang.at\/index.php\/wp-json\/wp\/v2\/comments?post=76"}],"version-history":[{"count":16,"href":"https:\/\/praxisgemeinschaft-aspang.at\/index.php\/wp-json\/wp\/v2\/pages\/76\/revisions"}],"predecessor-version":[{"id":419,"href":"https:\/\/praxisgemeinschaft-aspang.at\/index.php\/wp-json\/wp\/v2\/pages\/76\/revisions\/419"}],"wp:attachment":[{"href":"https:\/\/praxisgemeinschaft-aspang.at\/index.php\/wp-json\/wp\/v2\/media?parent=76"}],"curies":[{"name":"wp","href":"https:\/\/api.w.org\/{rel}","templated":true}]}}